{"id":215,"date":"2024-11-18T14:33:22","date_gmt":"2024-11-18T13:33:22","guid":{"rendered":"https:\/\/chalet-buljes.ch\/restaurant-chalet-buljes\/"},"modified":"2026-01-07T14:09:21","modified_gmt":"2026-01-07T13:09:21","slug":"restaurant-chalet-buljes","status":"publish","type":"page","link":"https:\/\/chalet-buljes.ch\/fr\/","title":{"rendered":"Restaurant Chalet Buljes"},"content":{"rendered":"<p>[et_pb_section fb_built=\u00a0\u00bb1&Prime; fullwidth=\u00a0\u00bbon\u00a0\u00bb _builder_version=\u00a0\u00bb4.27.3&Prime; _module_preset=\u00a0\u00bbdefault\u00a0\u00bb background_enable_image=\u00a0\u00bboff\u00a0\u00bb locked=\u00a0\u00bboff\u00a0\u00bb global_colors_info=\u00a0\u00bb{}\u00a0\u00bb][et_pb_fullwidth_slider _builder_version=\u00a0\u00bb4.27.3&Prime; _module_preset=\u00a0\u00bbdefault\u00a0\u00bb background_enable_image=\u00a0\u00bboff\u00a0\u00bb height=\u00a0\u00bb700px\u00a0\u00bb auto=\u00a0\u00bbon\u00a0\u00bb global_colors_info=\u00a0\u00bb{}\u00a0\u00bb][et_pb_slide admin_title=\u00a0\u00bbSommer\u00a0\u00bb _builder_version=\u00a0\u00bb4.27.3&Prime; _module_preset=\u00a0\u00bbdefault\u00a0\u00bb background_enable_color=\u00a0\u00bboff\u00a0\u00bb background_image=\u00a0\u00bbhttps:\/\/chalet-buljes.ch\/wp-content\/uploads\/2024\/11\/restaurant_chalet_buljes-horizontal-4.webp\u00a0\u00bb background_enable_image=\u00a0\u00bbon\u00a0\u00bb global_colors_info=\u00a0\u00bb{}\u00a0\u00bb sticky_transition=\u00a0\u00bbon\u00a0\u00bb][\/et_pb_slide][et_pb_slide admin_title=\u00a0\u00bbWinter\u00a0\u00bb _builder_version=\u00a0\u00bb4.27.3&Prime; _module_preset=\u00a0\u00bbdefault\u00a0\u00bb background_enable_color=\u00a0\u00bboff\u00a0\u00bb background_image=\u00a0\u00bbhttps:\/\/chalet-buljes.ch\/wp-content\/uploads\/2024\/11\/restaurant_chalet_buljes-horizontal-12.webp\u00a0\u00bb background_enable_image=\u00a0\u00bbon\u00a0\u00bb global_colors_info=\u00a0\u00bb{}\u00a0\u00bb sticky_transition=\u00a0\u00bbon\u00a0\u00bb][\/et_pb_slide][et_pb_slide admin_title=\u00a0\u00bbDalaschlucht\u00a0\u00bb _builder_version=\u00a0\u00bb4.27.3&Prime; _module_preset=\u00a0\u00bbdefault\u00a0\u00bb background_enable_color=\u00a0\u00bboff\u00a0\u00bb background_image=\u00a0\u00bbhttps:\/\/chalet-buljes.ch\/wp-content\/uploads\/2024\/11\/restaurant_chalet_buljes-dalaschlucht-2.webp\u00a0\u00bb background_enable_image=\u00a0\u00bbon\u00a0\u00bb global_colors_info=\u00a0\u00bb{}\u00a0\u00bb sticky_transition=\u00a0\u00bbon\u00a0\u00bb][\/et_pb_slide][\/et_pb_fullwidth_slider][\/et_pb_section][et_pb_section fb_built=\u00a0\u00bb1&Prime; _builder_version=\u00a0\u00bb4.27.3&Prime; _module_preset=\u00a0\u00bbdefault\u00a0\u00bb custom_margin=\u00a0\u00bb0px||0px||true|false\u00a0\u00bb custom_padding=\u00a0\u00bb74px||50px||false|false\u00a0\u00bb global_colors_info=\u00a0\u00bb{}\u00a0\u00bb][et_pb_row _builder_version=\u00a0\u00bb4.27.3&Prime; _module_preset=\u00a0\u00bbdefault\u00a0\u00bb custom_margin=\u00a0\u00bb0px||0px||true|false\u00a0\u00bb custom_padding=\u00a0\u00bb0px||0px||true|false\u00a0\u00bb global_colors_info=\u00a0\u00bb{}\u00a0\u00bb][et_pb_column type=\u00a0\u00bb4_4&Prime; _builder_version=\u00a0\u00bb4.27.3&Prime; _module_preset=\u00a0\u00bbdefault\u00a0\u00bb global_colors_info=\u00a0\u00bb{}\u00a0\u00bb][et_pb_image src=\u00a0\u00bbhttps:\/\/chalet-buljes.ch\/wp-content\/uploads\/2024\/11\/logo_buljes_rgb-scaled.webp\u00a0\u00bb title_text=\u00a0\u00bblogo_buljes_rgb\u00a0\u00bb align=\u00a0\u00bbcenter\u00a0\u00bb _builder_version=\u00a0\u00bb4.27.3&Prime; _module_preset=\u00a0\u00bbdefault\u00a0\u00bb width=\u00a0\u00bb35%\u00a0\u00bb global_colors_info=\u00a0\u00bb{}\u00a0\u00bb][\/et_pb_image][et_pb_heading title=\u00a0\u00bbLes sources thermales de Lo\u00e8che-les-Bains\u00a0\u00bb _builder_version=\u00a0\u00bb4.27.3&Prime; _module_preset=\u00a0\u00bbdefault\u00a0\u00bb title_font=\u00a0\u00bbMontserrat|700||on|||||\u00a0\u00bb title_text_align=\u00a0\u00bbcenter\u00a0\u00bb title_text_color=\u00a0\u00bb#0080C8&Prime; custom_margin=\u00a0\u00bb50px||||false|false\u00a0\u00bb global_colors_info=\u00a0\u00bb{}\u00a0\u00bb][\/et_pb_heading][et_pb_text _builder_version=\u00a0\u00bb4.27.3&Prime; _module_preset=\u00a0\u00bbdefault\u00a0\u00bb text_font=\u00a0\u00bbMontserrat|300|||||||\u00a0\u00bb text_font_size=\u00a0\u00bb18px\u00a0\u00bb text_line_height=\u00a0\u00bb1.8em\u00a0\u00bb text_orientation=\u00a0\u00bbcenter\u00a0\u00bb global_colors_info=\u00a0\u00bb{}\u00a0\u00bb]<\/p>\n<p>Dans les gorges de la Dala, o\u00f9 jaillissent les sources thermales, vous pouvez ressentir la puissance brute de l&rsquo;eau, le calme apaisant de la nature et une vue \u00e0 couper le souffle. Laissez-vous impr\u00e9gner par l&rsquo;\u00e9nergie de cet environnement et savourez au restaurant Chalet Buljes des d\u00e9lices culinaires qui s&rsquo;accordent parfaitement avec ce lieu unique.<\/p>\n<p>[\/et_pb_text][\/et_pb_column][\/et_pb_row][et_pb_row column_structure=\u00a0\u00bb1_3,1_3,1_3&Prime; _builder_version=\u00a0\u00bb4.27.3&Prime; _module_preset=\u00a0\u00bbdefault\u00a0\u00bb custom_margin=\u00a0\u00bb25px||||false|false\u00a0\u00bb global_colors_info=\u00a0\u00bb{}\u00a0\u00bb][et_pb_column type=\u00a0\u00bb1_3&Prime; _builder_version=\u00a0\u00bb4.27.3&Prime; _module_preset=\u00a0\u00bbdefault\u00a0\u00bb global_colors_info=\u00a0\u00bb{}\u00a0\u00bb][et_pb_button button_url=\u00a0\u00bbhttps:\/\/chalet-buljes.ch\/wp-content\/uploads\/2026\/01\/Speisekarte_Winter_Buljes_A4.pdf\u00a0\u00bb url_new_window=\u00a0\u00bbon\u00a0\u00bb button_text=\u00a0\u00bbMenu\u00a0\u00bb button_alignment=\u00a0\u00bbcenter\u00a0\u00bb _builder_version=\u00a0\u00bb4.27.4&Prime; _module_preset=\u00a0\u00bbdefault\u00a0\u00bb custom_button=\u00a0\u00bbon\u00a0\u00bb button_text_size=\u00a0\u00bb16px\u00a0\u00bb button_text_color=\u00a0\u00bb#EEEEEE\u00a0\u00bb button_bg_color=\u00a0\u00bb#E30521&Prime; button_border_color=\u00a0\u00bb#E30521&Prime; button_border_radius=\u00a0\u00bb0px\u00a0\u00bb button_letter_spacing=\u00a0\u00bb0px\u00a0\u00bb button_font=\u00a0\u00bbMontserrat|500|||||||\u00a0\u00bb button_use_icon=\u00a0\u00bboff\u00a0\u00bb custom_padding=\u00a0\u00bb15px|25px|15px|25px|true|true\u00a0\u00bb hover_enabled=\u00a0\u00bb0&Prime; button_bg_color_tablet=\u00a0\u00bb#E30521&Prime; button_bg_color_phone=\u00a0\u00bb#E30521&Prime; button_bg_color_last_edited=\u00a0\u00bbon|desktop\u00a0\u00bb global_colors_info=\u00a0\u00bb{}\u00a0\u00bb sticky_enabled=\u00a0\u00bb0&Prime;][\/et_pb_button][\/et_pb_column][et_pb_column type=\u00a0\u00bb1_3&Prime; _builder_version=\u00a0\u00bb4.27.3&Prime; _module_preset=\u00a0\u00bbdefault\u00a0\u00bb global_colors_info=\u00a0\u00bb{}\u00a0\u00bb][et_pb_button button_url=\u00a0\u00bbhttps:\/\/chalet-buljes.ch\/wp-content\/uploads\/2026\/01\/Weinkarte_Buljes_A4.pdf\u00a0\u00bb url_new_window=\u00a0\u00bbon\u00a0\u00bb button_text=\u00a0\u00bbCarte des vins\u00a0\u00bb button_alignment=\u00a0\u00bbcenter\u00a0\u00bb _builder_version=\u00a0\u00bb4.27.4&Prime; _module_preset=\u00a0\u00bbdefault\u00a0\u00bb custom_button=\u00a0\u00bbon\u00a0\u00bb button_text_size=\u00a0\u00bb16px\u00a0\u00bb button_text_color=\u00a0\u00bb#EEEEEE\u00a0\u00bb button_bg_color=\u00a0\u00bb#E30521&Prime; button_border_color=\u00a0\u00bb#E30521&Prime; button_border_radius=\u00a0\u00bb0px\u00a0\u00bb button_letter_spacing=\u00a0\u00bb0px\u00a0\u00bb button_font=\u00a0\u00bbMontserrat|500|||||||\u00a0\u00bb button_use_icon=\u00a0\u00bboff\u00a0\u00bb custom_padding=\u00a0\u00bb15px|25px|15px|25px|true|true\u00a0\u00bb hover_enabled=\u00a0\u00bb0&Prime; button_bg_color_tablet=\u00a0\u00bb#E30521&Prime; button_bg_color_phone=\u00a0\u00bb#E30521&Prime; button_bg_color_last_edited=\u00a0\u00bbon|desktop\u00a0\u00bb locked=\u00a0\u00bboff\u00a0\u00bb global_colors_info=\u00a0\u00bb{}\u00a0\u00bb sticky_enabled=\u00a0\u00bb0&Prime;][\/et_pb_button][\/et_pb_column][et_pb_column type=\u00a0\u00bb1_3&Prime; _builder_version=\u00a0\u00bb4.27.3&Prime; _module_preset=\u00a0\u00bbdefault\u00a0\u00bb global_colors_info=\u00a0\u00bb{}\u00a0\u00bb][et_pb_button button_url=\u00a0\u00bbhttps:\/\/chalet-buljes.ch\/wp-content\/uploads\/2026\/01\/Getraenkekarte_Buljes_A4.pdf\u00a0\u00bb url_new_window=\u00a0\u00bbon\u00a0\u00bb button_text=\u00a0\u00bbCarte des boissons\u00a0\u00bb button_alignment=\u00a0\u00bbcenter\u00a0\u00bb _builder_version=\u00a0\u00bb4.27.4&Prime; _module_preset=\u00a0\u00bbdefault\u00a0\u00bb custom_button=\u00a0\u00bbon\u00a0\u00bb button_text_size=\u00a0\u00bb16px\u00a0\u00bb button_text_color=\u00a0\u00bb#EEEEEE\u00a0\u00bb button_bg_color=\u00a0\u00bb#E30521&Prime; button_border_color=\u00a0\u00bb#E30521&Prime; button_border_radius=\u00a0\u00bb0px\u00a0\u00bb button_letter_spacing=\u00a0\u00bb0px\u00a0\u00bb button_font=\u00a0\u00bbMontserrat|500|||||||\u00a0\u00bb button_use_icon=\u00a0\u00bboff\u00a0\u00bb custom_padding=\u00a0\u00bb15px|25px|15px|25px|true|true\u00a0\u00bb hover_enabled=\u00a0\u00bb0&Prime; button_bg_color_tablet=\u00a0\u00bb#E30521&Prime; button_bg_color_phone=\u00a0\u00bb#E30521&Prime; button_bg_color_last_edited=\u00a0\u00bbon|desktop\u00a0\u00bb locked=\u00a0\u00bboff\u00a0\u00bb global_colors_info=\u00a0\u00bb{}\u00a0\u00bb sticky_enabled=\u00a0\u00bb0&Prime;][\/et_pb_button][\/et_pb_column][\/et_pb_row][\/et_pb_section][et_pb_section fb_built=\u00a0\u00bb1&Prime; _builder_version=\u00a0\u00bb4.27.3&Prime; _module_preset=\u00a0\u00bbdefault\u00a0\u00bb background_color=\u00a0\u00bbrgba(238,238,238,0.35)\u00a0\u00bb custom_margin=\u00a0\u00bb0px||0px||true|false\u00a0\u00bb custom_padding=\u00a0\u00bb50px||100px||false|false\u00a0\u00bb global_colors_info=\u00a0\u00bb{}\u00a0\u00bb][et_pb_row _builder_version=\u00a0\u00bb4.27.3&Prime; _module_preset=\u00a0\u00bbdefault\u00a0\u00bb custom_margin=\u00a0\u00bb0px||0px||true|false\u00a0\u00bb custom_padding=\u00a0\u00bb0px||0px||true|false\u00a0\u00bb global_colors_info=\u00a0\u00bb{}\u00a0\u00bb][et_pb_column type=\u00a0\u00bb4_4&Prime; _builder_version=\u00a0\u00bb4.27.3&Prime; _module_preset=\u00a0\u00bbdefault\u00a0\u00bb global_colors_info=\u00a0\u00bb{}\u00a0\u00bb][et_pb_heading title=\u00a0\u00bbThermal\u00adquellen\u00adsteg\u00a0\u00bb _builder_version=\u00a0\u00bb4.27.3&Prime; _module_preset=\u00a0\u00bbdefault\u00a0\u00bb title_level=\u00a0\u00bbh2&Prime; title_font=\u00a0\u00bbMontserrat|700||on|||||\u00a0\u00bb title_text_align=\u00a0\u00bbcenter\u00a0\u00bb title_text_color=\u00a0\u00bb#0080C8&Prime; custom_margin=\u00a0\u00bb50px||||false|false\u00a0\u00bb global_colors_info=\u00a0\u00bb{}\u00a0\u00bb][\/et_pb_heading][dsm_masonry_gallery gallery_ids=\u00a0\u00bb40,41,42&Prime; lazyload=\u00a0\u00bbon\u00a0\u00bb use_lightbox=\u00a0\u00bbon\u00a0\u00bb lightbox_title=\u00a0\u00bboff\u00a0\u00bb lightbox_caption=\u00a0\u00bboff\u00a0\u00bb _builder_version=\u00a0\u00bb4.27.3&Prime; _module_preset=\u00a0\u00bbdefault\u00a0\u00bb locked=\u00a0\u00bboff\u00a0\u00bb global_colors_info=\u00a0\u00bb{}\u00a0\u00bb][\/dsm_masonry_gallery][et_pb_text _builder_version=\u00a0\u00bb4.27.3&Prime; _module_preset=\u00a0\u00bbdefault\u00a0\u00bb text_font=\u00a0\u00bbMontserrat|300|||||||\u00a0\u00bb text_font_size=\u00a0\u00bb18px\u00a0\u00bb text_line_height=\u00a0\u00bb1.8em\u00a0\u00bb text_orientation=\u00a0\u00bbcenter\u00a0\u00bb global_colors_info=\u00a0\u00bb{}\u00a0\u00bb]Suivez le sentier de randonn\u00e9e \u00e0 travers les gorges de la Dala. Juste apr\u00e8s les gorges, tournez \u00e0 gauche \u2013 et vous \u00eates d\u00e9j\u00e0 arriv\u00e9s chez nous ! Nous nous r\u00e9jouissons de votre visite et vous souhaitons une belle randonn\u00e9e.[\/et_pb_text][\/et_pb_column][\/et_pb_row][\/et_pb_section][et_pb_section fb_built=\u00a0\u00bb1&Prime; fullwidth=\u00a0\u00bbon\u00a0\u00bb disabled_on=\u00a0\u00bboff|off|off\u00a0\u00bb _builder_version=\u00a0\u00bb4.27.3&Prime; _module_preset=\u00a0\u00bbdefault\u00a0\u00bb locked=\u00a0\u00bboff\u00a0\u00bb global_colors_info=\u00a0\u00bb{}\u00a0\u00bb][et_pb_fullwidth_map address=\u00a0\u00bb3954 Leukerbad, Schweiz\u00a0\u00bb zoom_level=\u00a0\u00bb16&Prime; address_lat=\u00a0\u00bb46.384305477902&Prime; address_lng=\u00a0\u00bb7.6307991142943&Prime; _builder_version=\u00a0\u00bb4.27.3&Prime; _module_preset=\u00a0\u00bbdefault\u00a0\u00bb global_colors_info=\u00a0\u00bb{}\u00a0\u00bb][et_pb_map_pin pin_address=\u00a0\u00bbKlibenstrasse 54, 3954 Leukerbad, Schweiz\u00a0\u00bb pin_address_lat=\u00a0\u00bb46.38653200944&Prime; pin_address_lng=\u00a0\u00bb7.6360059969589&Prime; _builder_version=\u00a0\u00bb4.27.3&Prime; _module_preset=\u00a0\u00bbdefault\u00a0\u00bb global_colors_info=\u00a0\u00bb{}\u00a0\u00bb][\/et_pb_map_pin][\/et_pb_fullwidth_map][\/et_pb_section][et_pb_section fb_built=\u00a0\u00bb1&Prime; _builder_version=\u00a0\u00bb4.27.3&Prime; _module_preset=\u00a0\u00bbdefault\u00a0\u00bb custom_margin=\u00a0\u00bb0px||0px||true|false\u00a0\u00bb custom_padding=\u00a0\u00bb100px||100px||true|false\u00a0\u00bb locked=\u00a0\u00bboff\u00a0\u00bb global_colors_info=\u00a0\u00bb{}\u00a0\u00bb][et_pb_row _builder_version=\u00a0\u00bb4.27.3&Prime; _module_preset=\u00a0\u00bbdefault\u00a0\u00bb custom_margin=\u00a0\u00bb0px||0px||true|false\u00a0\u00bb custom_padding=\u00a0\u00bb0px||0px||true|false\u00a0\u00bb global_colors_info=\u00a0\u00bb{}\u00a0\u00bb][et_pb_column type=\u00a0\u00bb4_4&Prime; _builder_version=\u00a0\u00bb4.27.3&Prime; _module_preset=\u00a0\u00bbdefault\u00a0\u00bb global_colors_info=\u00a0\u00bb{}\u00a0\u00bb][et_pb_image src=\u00a0\u00bbhttps:\/\/chalet-buljes.ch\/wp-content\/uploads\/2024\/11\/logo_buljes_rgb-scaled.webp\u00a0\u00bb title_text=\u00a0\u00bblogo_buljes_rgb\u00a0\u00bb align=\u00a0\u00bbcenter\u00a0\u00bb _builder_version=\u00a0\u00bb4.27.3&Prime; _module_preset=\u00a0\u00bbdefault\u00a0\u00bb width=\u00a0\u00bb35%\u00a0\u00bb global_colors_info=\u00a0\u00bb{}\u00a0\u00bb][\/et_pb_image][et_pb_text _builder_version=\u00a0\u00bb4.27.3&Prime; _module_preset=\u00a0\u00bbdefault\u00a0\u00bb text_font=\u00a0\u00bbMontserrat|300|||||||\u00a0\u00bb text_font_size=\u00a0\u00bb18px\u00a0\u00bb text_line_height=\u00a0\u00bb1.8em\u00a0\u00bb text_orientation=\u00a0\u00bbcenter\u00a0\u00bb custom_margin=\u00a0\u00bb50px||0px||false|false\u00a0\u00bb global_colors_info=\u00a0\u00bb{}\u00a0\u00bb]<\/p>\n<p>Le Buljes, d\u00e9riv\u00e9 du mot fran\u00e7ais Beaulieu (qui signifie \u00ab bel endroit \u00bb), fait partie des <em>Roten H\u00f4tels<\/em>, parmi lesquels l&rsquo;h\u00f4tel Alpenblick et le Walliserhof \u00e0 Lo\u00e8che-les-Bains. Ces h\u00f4tels invitent leurs h\u00f4tes \u00e0 un s\u00e9jour inoubliable dans une ambiance chaleureuse \u2013 et cela juste \u00e0 c\u00f4t\u00e9 des c\u00e9l\u00e8bres thermes de Lo\u00e8che-les-Bains.<\/p>\n<p>[\/et_pb_text][\/et_pb_column][\/et_pb_row][et_pb_row column_structure=\u00a0\u00bb1_3,1_3,1_3&Prime; make_equal=\u00a0\u00bbon\u00a0\u00bb _builder_version=\u00a0\u00bb4.27.3&Prime; _module_preset=\u00a0\u00bbdefault\u00a0\u00bb min_height=\u00a0\u00bb300px\u00a0\u00bb custom_margin=\u00a0\u00bb25px||||false|false\u00a0\u00bb locked=\u00a0\u00bboff\u00a0\u00bb global_colors_info=\u00a0\u00bb{}\u00a0\u00bb][et_pb_column type=\u00a0\u00bb1_3&Prime; _builder_version=\u00a0\u00bb4.27.3&Prime; _module_preset=\u00a0\u00bbdefault\u00a0\u00bb global_colors_info=\u00a0\u00bb{}\u00a0\u00bb][et_pb_image src=\u00a0\u00bbhttps:\/\/alpenblick-leukerbad.myls-stage.ch\/wp-content\/uploads\/hotelgaeste_fr.png\u00a0\u00bb _builder_version=\u00a0\u00bb4.27.3&Prime; _module_preset=\u00a0\u00bbdefault\u00a0\u00bb global_colors_info=\u00a0\u00bb{}\u00a0\u00bb][\/et_pb_image][\/et_pb_column][et_pb_column type=\u00a0\u00bb1_3&Prime; _builder_version=\u00a0\u00bb4.27.3&Prime; _module_preset=\u00a0\u00bbdefault\u00a0\u00bb background_image=\u00a0\u00bbhttps:\/\/chalet-buljes.ch\/wp-content\/uploads\/2024\/11\/hotel_alpenblick-aussenansicht.webp\u00a0\u00bb custom_padding=\u00a0\u00bb200px|50px|0px|0px|false|false\u00a0\u00bb link_option_url=\u00a0\u00bbhttps:\/\/alpenblick-leukerbad.ch\u00a0\u00bb link_option_url_new_window=\u00a0\u00bbon\u00a0\u00bb global_colors_info=\u00a0\u00bb{}\u00a0\u00bb background__hover_enabled=\u00a0\u00bbon|desktop\u00a0\u00bb background_color__hover=\u00a0\u00bb\u00a0\u00bb background_enable_color__hover=\u00a0\u00bboff\u00a0\u00bb use_background_color_gradient__hover=\u00a0\u00bboff\u00a0\u00bb background_color_gradient_overlays_image__hover=\u00a0\u00bbon\u00a0\u00bb][et_pb_image src=\u00a0\u00bbhttps:\/\/alpenblick-leukerbad.myls-stage.ch\/wp-content\/uploads\/alpenblick_logo.svg\u00a0\u00bb _builder_version=\u00a0\u00bb4.27.3&Prime; _module_preset=\u00a0\u00bbdefault\u00a0\u00bb background_color=\u00a0\u00bbrgba(238,238,238,0.9)\u00a0\u00bb max_width=\u00a0\u00bb60%\u00a0\u00bb custom_margin=\u00a0\u00bb||25px||false|true\u00a0\u00bb custom_padding=\u00a0\u00bb20px|20px|20px|20px|true|true\u00a0\u00bb locked=\u00a0\u00bboff\u00a0\u00bb global_colors_info=\u00a0\u00bb{}\u00a0\u00bb][\/et_pb_image][\/et_pb_column][et_pb_column type=\u00a0\u00bb1_3&Prime; _builder_version=\u00a0\u00bb4.27.3&Prime; _module_preset=\u00a0\u00bbdefault\u00a0\u00bb background_image=\u00a0\u00bbhttps:\/\/chalet-buljes.ch\/wp-content\/uploads\/2024\/11\/hotel_walliserhof-aussenansicht.webp\u00a0\u00bb custom_padding=\u00a0\u00bb200px|50px|0px|0px|false|false\u00a0\u00bb link_option_url=\u00a0\u00bbhttps:\/\/walliserhof.ch\u00a0\u00bb link_option_url_new_window=\u00a0\u00bbon\u00a0\u00bb global_colors_info=\u00a0\u00bb{}\u00a0\u00bb][et_pb_image src=\u00a0\u00bbhttps:\/\/walliserhof.ch\/wp-content\/uploads\/logo.png\u00a0\u00bb _builder_version=\u00a0\u00bb4.27.3&Prime; _module_preset=\u00a0\u00bbdefault\u00a0\u00bb background_color=\u00a0\u00bbrgba(238,238,238,0.9)\u00a0\u00bb max_width=\u00a0\u00bb60%\u00a0\u00bb custom_margin=\u00a0\u00bb||25px||false|true\u00a0\u00bb custom_padding=\u00a0\u00bb20px|20px|20px|20px|true|true\u00a0\u00bb global_colors_info=\u00a0\u00bb{}\u00a0\u00bb][\/et_pb_image][\/et_pb_column][\/et_pb_row][et_pb_row _builder_version=\u00a0\u00bb4.27.3&Prime; _module_preset=\u00a0\u00bbdefault\u00a0\u00bb custom_margin=\u00a0\u00bb0px||0px||true|false\u00a0\u00bb custom_padding=\u00a0\u00bb0px||0px||true|false\u00a0\u00bb locked=\u00a0\u00bboff\u00a0\u00bb global_colors_info=\u00a0\u00bb{}\u00a0\u00bb][et_pb_column type=\u00a0\u00bb4_4&Prime; _builder_version=\u00a0\u00bb4.27.3&Prime; _module_preset=\u00a0\u00bbdefault\u00a0\u00bb global_colors_info=\u00a0\u00bb{}\u00a0\u00bb][et_pb_text _builder_version=\u00a0\u00bb4.27.3&Prime; _module_preset=\u00a0\u00bbdefault\u00a0\u00bb text_font=\u00a0\u00bbMontserrat|300|||||||\u00a0\u00bb text_font_size=\u00a0\u00bb18px\u00a0\u00bb text_line_height=\u00a0\u00bb1.8em\u00a0\u00bb text_orientation=\u00a0\u00bbcenter\u00a0\u00bb custom_margin=\u00a0\u00bb25px||0px||false|false\u00a0\u00bb global_colors_info=\u00a0\u00bb{}\u00a0\u00bb]<\/p>\n<p>Les visiteurs ont la possibilit\u00e9 de profiter des thermes relaxants de Lo\u00e8che-les-Bains et d&rsquo;explorer la Gemmi gr\u00e2ce \u00e0 nos offres forfaitaires. Ces offres combinent bien-\u00eatre, confort et hospitalit\u00e9 r\u00e9gionale \u2013 id\u00e9ales pour se ressourcer dans le cadre spectaculaire des montagnes valaisannes et prendre une pause du quotidien.<\/p>\n<p>[\/et_pb_text][\/et_pb_column][\/et_pb_row][\/et_pb_section][et_pb_section fb_built=\u00a0\u00bb1&Prime; _builder_version=\u00a0\u00bb4.27.3&Prime; _module_preset=\u00a0\u00bbdefault\u00a0\u00bb background_color=\u00a0\u00bbrgba(238,238,238,0.35)\u00a0\u00bb custom_margin=\u00a0\u00bb0px||0px||true|false\u00a0\u00bb custom_padding=\u00a0\u00bb50px||100px||false|false\u00a0\u00bb locked=\u00a0\u00bboff\u00a0\u00bb global_colors_info=\u00a0\u00bb{}\u00a0\u00bb][et_pb_row _builder_version=\u00a0\u00bb4.27.3&Prime; _module_preset=\u00a0\u00bbdefault\u00a0\u00bb custom_margin=\u00a0\u00bb0px||0px||true|false\u00a0\u00bb custom_padding=\u00a0\u00bb0px||0px||true|false\u00a0\u00bb global_colors_info=\u00a0\u00bb{}\u00a0\u00bb][et_pb_column type=\u00a0\u00bb4_4&Prime; _builder_version=\u00a0\u00bb4.27.3&Prime; _module_preset=\u00a0\u00bbdefault\u00a0\u00bb global_colors_info=\u00a0\u00bb{}\u00a0\u00bb][et_pb_heading title=\u00a0\u00bbImpressions\u00a0\u00bb _builder_version=\u00a0\u00bb4.27.3&Prime; _module_preset=\u00a0\u00bbdefault\u00a0\u00bb title_level=\u00a0\u00bbh2&Prime; title_font=\u00a0\u00bbMontserrat|700||on|||||\u00a0\u00bb title_text_align=\u00a0\u00bbcenter\u00a0\u00bb title_text_color=\u00a0\u00bb#0080C8&Prime; custom_margin=\u00a0\u00bb50px||||false|false\u00a0\u00bb global_colors_info=\u00a0\u00bb{}\u00a0\u00bb][\/et_pb_heading][dsm_masonry_gallery gallery_ids=\u00a0\u00bb39,20,28,27,26,25,38,36,37,22,21,23,24,34,33,32,31,30,29,35,40,41,42&Prime; lazyload=\u00a0\u00bbon\u00a0\u00bb use_lightbox=\u00a0\u00bbon\u00a0\u00bb lightbox_title=\u00a0\u00bboff\u00a0\u00bb lightbox_caption=\u00a0\u00bboff\u00a0\u00bb _builder_version=\u00a0\u00bb4.27.3&Prime; _module_preset=\u00a0\u00bbdefault\u00a0\u00bb locked=\u00a0\u00bboff\u00a0\u00bb global_colors_info=\u00a0\u00bb{}\u00a0\u00bb][\/dsm_masonry_gallery][\/et_pb_column][\/et_pb_row][\/et_pb_section]<\/p>\n","protected":false},"excerpt":{"rendered":"<p>Dans les gorges de la Dala, o\u00f9 jaillissent les sources thermales, vous pouvez ressentir la puissance brute de l&rsquo;eau, le calme apaisant de la nature et une vue \u00e0 couper le souffle. Laissez-vous impr\u00e9gner par l&rsquo;\u00e9nergie de cet environnement et savourez au restaurant Chalet Buljes des d\u00e9lices culinaires qui s&rsquo;accordent parfaitement avec ce lieu unique.<div class=\"et_pb_module dsm_masonry_gallery dsm_masonry_gallery_0\">\n\t\t\t\t\n\t\t\t\t\n\t\t\t\t\n\t\t\t\t\n\t\t\t\t\n\t\t\t\t\n\t\t\t\t<div class=\"et_pb_module_inner\">\n\t\t\t\t\t<div class=\"dsm-gallery grid\" data-lightbox=\"true\" data-horizontalorder=\"true\">\n                <div class=\"grid-sizer\"><\/div><div class=\"gutter-sizer\"><\/div><div class=\"grid-item\">\n                    <a href=\"https:\/\/chalet-buljes.ch\/wp-content\/uploads\/2024\/11\/restaurant_chalet_buljes-dalaschlucht-1.webp\"   data-mfp-src=\"https:\/\/chalet-buljes.ch\/wp-content\/uploads\/2024\/11\/restaurant_chalet_buljes-dalaschlucht-1.webp\">\n                        <div class=\"et_pb_image_wrap\">\n                            <img loading=\"lazy\" decoding=\"async\" src=\"https:\/\/chalet-buljes.ch\/wp-content\/uploads\/2024\/11\/restaurant_chalet_buljes-dalaschlucht-1.webp\" title=\"restaurant_chalet_buljes-dalaschlucht (1)\" alt=\"\" class=\"\" srcset=\"https:\/\/chalet-buljes.ch\/wp-content\/uploads\/2024\/11\/restaurant_chalet_buljes-dalaschlucht-1.webp 2000w, https:\/\/chalet-buljes.ch\/wp-content\/uploads\/2024\/11\/restaurant_chalet_buljes-dalaschlucht-1-1280x854.webp 1280w, https:\/\/chalet-buljes.ch\/wp-content\/uploads\/2024\/11\/restaurant_chalet_buljes-dalaschlucht-1-980x654.webp 980w, https:\/\/chalet-buljes.ch\/wp-content\/uploads\/2024\/11\/restaurant_chalet_buljes-dalaschlucht-1-480x320.webp 480w\" sizes=\"(min-width: 0px) and (max-width: 480px) 480px, (min-width: 481px) and (max-width: 980px) 980px, (min-width: 981px) and (max-width: 1280px) 1280px, (min-width: 1281px) 2000px, 100vw\" width=\"2000\" height=\"1334\" \/>\n                            \n                        <\/div>\n                    <\/a>\n                <\/div><div class=\"grid-item\">\n                    <a href=\"https:\/\/chalet-buljes.ch\/wp-content\/uploads\/2024\/11\/restaurant_chalet_buljes-dalaschlucht-2.webp\"   data-mfp-src=\"https:\/\/chalet-buljes.ch\/wp-content\/uploads\/2024\/11\/restaurant_chalet_buljes-dalaschlucht-2.webp\">\n                        <div class=\"et_pb_image_wrap\">\n                            <img loading=\"lazy\" decoding=\"async\" src=\"https:\/\/chalet-buljes.ch\/wp-content\/uploads\/2024\/11\/restaurant_chalet_buljes-dalaschlucht-2.webp\" title=\"restaurant_chalet_buljes-dalaschlucht (2)\" alt=\"\" class=\"\" srcset=\"https:\/\/chalet-buljes.ch\/wp-content\/uploads\/2024\/11\/restaurant_chalet_buljes-dalaschlucht-2.webp 2000w, https:\/\/chalet-buljes.ch\/wp-content\/uploads\/2024\/11\/restaurant_chalet_buljes-dalaschlucht-2-1280x853.webp 1280w, https:\/\/chalet-buljes.ch\/wp-content\/uploads\/2024\/11\/restaurant_chalet_buljes-dalaschlucht-2-980x653.webp 980w, https:\/\/chalet-buljes.ch\/wp-content\/uploads\/2024\/11\/restaurant_chalet_buljes-dalaschlucht-2-480x320.webp 480w\" sizes=\"(min-width: 0px) and (max-width: 480px) 480px, (min-width: 481px) and (max-width: 980px) 980px, (min-width: 981px) and (max-width: 1280px) 1280px, (min-width: 1281px) 2000px, 100vw\" width=\"2000\" height=\"1333\" \/>\n                            \n                        <\/div>\n                    <\/a>\n                <\/div><div class=\"grid-item\">\n                    <a href=\"https:\/\/chalet-buljes.ch\/wp-content\/uploads\/2024\/11\/restaurant_chalet_buljes-dalaschlucht-3.webp\"   data-mfp-src=\"https:\/\/chalet-buljes.ch\/wp-content\/uploads\/2024\/11\/restaurant_chalet_buljes-dalaschlucht-3.webp\">\n                        <div class=\"et_pb_image_wrap\">\n                            <img loading=\"lazy\" decoding=\"async\" src=\"https:\/\/chalet-buljes.ch\/wp-content\/uploads\/2024\/11\/restaurant_chalet_buljes-dalaschlucht-3.webp\" title=\"restaurant_chalet_buljes-dalaschlucht (3)\" alt=\"\" class=\"\" srcset=\"https:\/\/chalet-buljes.ch\/wp-content\/uploads\/2024\/11\/restaurant_chalet_buljes-dalaschlucht-3.webp 2000w, https:\/\/chalet-buljes.ch\/wp-content\/uploads\/2024\/11\/restaurant_chalet_buljes-dalaschlucht-3-1280x852.webp 1280w, https:\/\/chalet-buljes.ch\/wp-content\/uploads\/2024\/11\/restaurant_chalet_buljes-dalaschlucht-3-980x652.webp 980w, https:\/\/chalet-buljes.ch\/wp-content\/uploads\/2024\/11\/restaurant_chalet_buljes-dalaschlucht-3-480x319.webp 480w\" sizes=\"(min-width: 0px) and (max-width: 480px) 480px, (min-width: 481px) and (max-width: 980px) 980px, (min-width: 981px) and (max-width: 1280px) 1280px, (min-width: 1281px) 2000px, 100vw\" width=\"2000\" height=\"1331\" \/>\n                            \n                        <\/div>\n                    <\/a>\n                <\/div>\n             <\/div>\n\t\t\t\t<\/div>\n\t\t\t<\/div>Suivez le sentier de randonn\u00e9e \u00e0 travers les gorges de la Dala. Juste apr\u00e8s les gorges, tournez \u00e0 gauche \u2013 et vous \u00eates d\u00e9j\u00e0 arriv\u00e9s chez nous ! Nous nous r\u00e9jouissons de votre visite et vous souhaitons une belle randonn\u00e9e.Le Buljes, d\u00e9riv\u00e9 du mot fran\u00e7ais Beaulieu (qui signifie \u00ab bel endroit \u00bb), fait partie des Roten H\u00f4tels, parmi lesquels l&rsquo;h\u00f4tel Alpenblick et le Walliserhof \u00e0 Lo\u00e8che-les-Bains. Ces h\u00f4tels invitent leurs h\u00f4tes \u00e0 un s\u00e9jour inoubliable dans une ambiance chaleureuse \u2013 et cela juste \u00e0 c\u00f4t\u00e9 des c\u00e9l\u00e8bres thermes de Lo\u00e8che-les-Bains.Les visiteurs ont la possibilit\u00e9 de profiter des thermes relaxants de Lo\u00e8che-les-Bains et d&rsquo;explorer la Gemmi gr\u00e2ce \u00e0 nos offres forfaitaires. Ces offres combinent bien-\u00eatre, confort et hospitalit\u00e9 r\u00e9gionale \u2013 id\u00e9ales pour se ressourcer dans le cadre spectaculaire des montagnes valaisannes et prendre une pause du quotidien.<div class=\"et_pb_module dsm_masonry_gallery dsm_masonry_gallery_1\">\n\t\t\t\t\n\t\t\t\t\n\t\t\t\t\n\t\t\t\t\n\t\t\t\t\n\t\t\t\t\n\t\t\t\t<div class=\"et_pb_module_inner\">\n\t\t\t\t\t<div class=\"dsm-gallery grid\" data-lightbox=\"false\" data-horizontalorder=\"true\">\n                <div class=\"grid-sizer\"><\/div><div class=\"gutter-sizer\"><\/div><div class=\"grid-item\">\n                    <div class=\"et_pb_image_wrap\">\n                        <img loading=\"lazy\" decoding=\"async\" src=\"https:\/\/chalet-buljes.ch\/wp-content\/uploads\/2024\/11\/restaurant_chalet_buljes-dalaschlucht-1.webp\" title=\"restaurant_chalet_buljes-dalaschlucht (1)\" alt=\"\" class=\"dsm-skip-lazyload\" srcset=\"https:\/\/chalet-buljes.ch\/wp-content\/uploads\/2024\/11\/restaurant_chalet_buljes-dalaschlucht-1.webp 2000w, https:\/\/chalet-buljes.ch\/wp-content\/uploads\/2024\/11\/restaurant_chalet_buljes-dalaschlucht-1-1280x854.webp 1280w, https:\/\/chalet-buljes.ch\/wp-content\/uploads\/2024\/11\/restaurant_chalet_buljes-dalaschlucht-1-980x654.webp 980w, https:\/\/chalet-buljes.ch\/wp-content\/uploads\/2024\/11\/restaurant_chalet_buljes-dalaschlucht-1-480x320.webp 480w\" sizes=\"(min-width: 0px) and (max-width: 480px) 480px, (min-width: 481px) and (max-width: 980px) 980px, (min-width: 981px) and (max-width: 1280px) 1280px, (min-width: 1281px) 2000px, 100vw\" width=\"2000\" height=\"1334\" \/>\n                        \n                    <\/div>\n                <\/div><div class=\"grid-item\">\n                    <div class=\"et_pb_image_wrap\">\n                        <img loading=\"lazy\" decoding=\"async\" src=\"https:\/\/chalet-buljes.ch\/wp-content\/uploads\/2024\/11\/restaurant_chalet_buljes-dalaschlucht-2.webp\" title=\"restaurant_chalet_buljes-dalaschlucht (2)\" alt=\"\" class=\"dsm-skip-lazyload\" srcset=\"https:\/\/chalet-buljes.ch\/wp-content\/uploads\/2024\/11\/restaurant_chalet_buljes-dalaschlucht-2.webp 2000w, https:\/\/chalet-buljes.ch\/wp-content\/uploads\/2024\/11\/restaurant_chalet_buljes-dalaschlucht-2-1280x853.webp 1280w, https:\/\/chalet-buljes.ch\/wp-content\/uploads\/2024\/11\/restaurant_chalet_buljes-dalaschlucht-2-980x653.webp 980w, https:\/\/chalet-buljes.ch\/wp-content\/uploads\/2024\/11\/restaurant_chalet_buljes-dalaschlucht-2-480x320.webp 480w\" sizes=\"(min-width: 0px) and (max-width: 480px) 480px, (min-width: 481px) and (max-width: 980px) 980px, (min-width: 981px) and (max-width: 1280px) 1280px, (min-width: 1281px) 2000px, 100vw\" width=\"2000\" height=\"1333\" \/>\n                        \n                    <\/div>\n                <\/div><div class=\"grid-item\">\n                    <div class=\"et_pb_image_wrap\">\n                        <img loading=\"lazy\" decoding=\"async\" src=\"https:\/\/chalet-buljes.ch\/wp-content\/uploads\/2024\/11\/restaurant_chalet_buljes-dalaschlucht-3.webp\" title=\"restaurant_chalet_buljes-dalaschlucht (3)\" alt=\"\" class=\"dsm-skip-lazyload\" srcset=\"https:\/\/chalet-buljes.ch\/wp-content\/uploads\/2024\/11\/restaurant_chalet_buljes-dalaschlucht-3.webp 2000w, https:\/\/chalet-buljes.ch\/wp-content\/uploads\/2024\/11\/restaurant_chalet_buljes-dalaschlucht-3-1280x852.webp 1280w, https:\/\/chalet-buljes.ch\/wp-content\/uploads\/2024\/11\/restaurant_chalet_buljes-dalaschlucht-3-980x652.webp 980w, https:\/\/chalet-buljes.ch\/wp-content\/uploads\/2024\/11\/restaurant_chalet_buljes-dalaschlucht-3-480x319.webp 480w\" sizes=\"(min-width: 0px) and (max-width: 480px) 480px, (min-width: 481px) and (max-width: 980px) 980px, (min-width: 981px) and (max-width: 1280px) 1280px, (min-width: 1281px) 2000px, 100vw\" width=\"2000\" height=\"1331\" \/>\n                        \n                    <\/div>\n                <\/div><div class=\"grid-item\">\n                    <div class=\"et_pb_image_wrap\">\n                        <img loading=\"lazy\" decoding=\"async\" src=\"https:\/\/chalet-buljes.ch\/wp-content\/uploads\/2024\/11\/restaurant_chalet_buljes-horizontal-1.webp\" title=\"restaurant_chalet_buljes-horizontal (1)\" alt=\"\" class=\"dsm-skip-lazyload\" srcset=\"https:\/\/chalet-buljes.ch\/wp-content\/uploads\/2024\/11\/restaurant_chalet_buljes-horizontal-1.webp 2000w, https:\/\/chalet-buljes.ch\/wp-content\/uploads\/2024\/11\/restaurant_chalet_buljes-horizontal-1-1280x960.webp 1280w, https:\/\/chalet-buljes.ch\/wp-content\/uploads\/2024\/11\/restaurant_chalet_buljes-horizontal-1-980x735.webp 980w, https:\/\/chalet-buljes.ch\/wp-content\/uploads\/2024\/11\/restaurant_chalet_buljes-horizontal-1-480x360.webp 480w\" sizes=\"(min-width: 0px) and (max-width: 480px) 480px, (min-width: 481px) and (max-width: 980px) 980px, (min-width: 981px) and (max-width: 1280px) 1280px, (min-width: 1281px) 2000px, 100vw\" width=\"2000\" height=\"1500\" \/>\n                        \n                    <\/div>\n                <\/div><div class=\"grid-item\">\n                    <div class=\"et_pb_image_wrap\">\n                        <img loading=\"lazy\" decoding=\"async\" src=\"https:\/\/chalet-buljes.ch\/wp-content\/uploads\/2024\/11\/restaurant_chalet_buljes-horizontal-10.webp\" title=\"restaurant_chalet_buljes-horizontal (10)\" alt=\"\" class=\"dsm-skip-lazyload\" srcset=\"https:\/\/chalet-buljes.ch\/wp-content\/uploads\/2024\/11\/restaurant_chalet_buljes-horizontal-10.webp 2000w, https:\/\/chalet-buljes.ch\/wp-content\/uploads\/2024\/11\/restaurant_chalet_buljes-horizontal-10-1280x964.webp 1280w, https:\/\/chalet-buljes.ch\/wp-content\/uploads\/2024\/11\/restaurant_chalet_buljes-horizontal-10-980x738.webp 980w, https:\/\/chalet-buljes.ch\/wp-content\/uploads\/2024\/11\/restaurant_chalet_buljes-horizontal-10-480x361.webp 480w\" sizes=\"(min-width: 0px) and (max-width: 480px) 480px, (min-width: 481px) and (max-width: 980px) 980px, (min-width: 981px) and (max-width: 1280px) 1280px, (min-width: 1281px) 2000px, 100vw\" width=\"2000\" height=\"1506\" \/>\n                        \n                    <\/div>\n                <\/div><div class=\"grid-item\">\n                    <div class=\"et_pb_image_wrap\">\n                        <img loading=\"lazy\" decoding=\"async\" src=\"https:\/\/chalet-buljes.ch\/wp-content\/uploads\/2024\/11\/restaurant_chalet_buljes-horizontal-11.webp\" title=\"restaurant_chalet_buljes-horizontal (11)\" alt=\"\" class=\"dsm-skip-lazyload\" srcset=\"https:\/\/chalet-buljes.ch\/wp-content\/uploads\/2024\/11\/restaurant_chalet_buljes-horizontal-11.webp 2000w, https:\/\/chalet-buljes.ch\/wp-content\/uploads\/2024\/11\/restaurant_chalet_buljes-horizontal-11-1280x960.webp 1280w, https:\/\/chalet-buljes.ch\/wp-content\/uploads\/2024\/11\/restaurant_chalet_buljes-horizontal-11-980x735.webp 980w, https:\/\/chalet-buljes.ch\/wp-content\/uploads\/2024\/11\/restaurant_chalet_buljes-horizontal-11-480x360.webp 480w\" sizes=\"(min-width: 0px) and (max-width: 480px) 480px, (min-width: 481px) and (max-width: 980px) 980px, (min-width: 981px) and (max-width: 1280px) 1280px, (min-width: 1281px) 2000px, 100vw\" width=\"2000\" height=\"1500\" \/>\n                        \n                    <\/div>\n                <\/div><div class=\"grid-item\">\n                    <div class=\"et_pb_image_wrap\">\n                        <img loading=\"lazy\" decoding=\"async\" src=\"https:\/\/chalet-buljes.ch\/wp-content\/uploads\/2024\/11\/restaurant_chalet_buljes-horizontal-12.webp\" title=\"restaurant_chalet_buljes-horizontal (12)\" alt=\"\" class=\"dsm-skip-lazyload\" srcset=\"https:\/\/chalet-buljes.ch\/wp-content\/uploads\/2024\/11\/restaurant_chalet_buljes-horizontal-12.webp 2000w, https:\/\/chalet-buljes.ch\/wp-content\/uploads\/2024\/11\/restaurant_chalet_buljes-horizontal-12-1280x960.webp 1280w, https:\/\/chalet-buljes.ch\/wp-content\/uploads\/2024\/11\/restaurant_chalet_buljes-horizontal-12-980x735.webp 980w, https:\/\/chalet-buljes.ch\/wp-content\/uploads\/2024\/11\/restaurant_chalet_buljes-horizontal-12-480x360.webp 480w\" sizes=\"(min-width: 0px) and (max-width: 480px) 480px, (min-width: 481px) and (max-width: 980px) 980px, (min-width: 981px) and (max-width: 1280px) 1280px, (min-width: 1281px) 2000px, 100vw\" width=\"2000\" height=\"1500\" \/>\n                        \n                    <\/div>\n                <\/div><div class=\"grid-item\">\n                    <div class=\"et_pb_image_wrap\">\n                        <img loading=\"lazy\" decoding=\"async\" src=\"https:\/\/chalet-buljes.ch\/wp-content\/uploads\/2024\/11\/restaurant_chalet_buljes-horizontal-13.webp\" title=\"restaurant_chalet_buljes-horizontal (13)\" alt=\"\" class=\"dsm-skip-lazyload\" srcset=\"https:\/\/chalet-buljes.ch\/wp-content\/uploads\/2024\/11\/restaurant_chalet_buljes-horizontal-13.webp 2000w, https:\/\/chalet-buljes.ch\/wp-content\/uploads\/2024\/11\/restaurant_chalet_buljes-horizontal-13-1280x960.webp 1280w, https:\/\/chalet-buljes.ch\/wp-content\/uploads\/2024\/11\/restaurant_chalet_buljes-horizontal-13-980x735.webp 980w, https:\/\/chalet-buljes.ch\/wp-content\/uploads\/2024\/11\/restaurant_chalet_buljes-horizontal-13-480x360.webp 480w\" sizes=\"(min-width: 0px) and (max-width: 480px) 480px, (min-width: 481px) and (max-width: 980px) 980px, (min-width: 981px) and (max-width: 1280px) 1280px, (min-width: 1281px) 2000px, 100vw\" width=\"2000\" height=\"1500\" \/>\n                        \n                    <\/div>\n                <\/div><div class=\"grid-item\">\n                    <div class=\"et_pb_image_wrap\">\n                        <img loading=\"lazy\" decoding=\"async\" src=\"https:\/\/chalet-buljes.ch\/wp-content\/uploads\/2024\/11\/restaurant_chalet_buljes-horizontal-14.webp\" title=\"restaurant_chalet_buljes-horizontal (14)\" alt=\"\" class=\"dsm-skip-lazyload\" srcset=\"https:\/\/chalet-buljes.ch\/wp-content\/uploads\/2024\/11\/restaurant_chalet_buljes-horizontal-14.webp 1535w, https:\/\/chalet-buljes.ch\/wp-content\/uploads\/2024\/11\/restaurant_chalet_buljes-horizontal-14-1280x964.webp 1280w, https:\/\/chalet-buljes.ch\/wp-content\/uploads\/2024\/11\/restaurant_chalet_buljes-horizontal-14-980x738.webp 980w, https:\/\/chalet-buljes.ch\/wp-content\/uploads\/2024\/11\/restaurant_chalet_buljes-horizontal-14-480x361.webp 480w\" sizes=\"(min-width: 0px) and (max-width: 480px) 480px, (min-width: 481px) and (max-width: 980px) 980px, (min-width: 981px) and (max-width: 1280px) 1280px, (min-width: 1281px) 1535px, 100vw\" width=\"1535\" height=\"1156\" \/>\n                        \n                    <\/div>\n                <\/div><div class=\"grid-item\">\n                    <div class=\"et_pb_image_wrap\">\n                        <img loading=\"lazy\" decoding=\"async\" src=\"https:\/\/chalet-buljes.ch\/wp-content\/uploads\/2024\/11\/restaurant_chalet_buljes-horizontal-15.webp\" title=\"restaurant_chalet_buljes-horizontal (15)\" alt=\"\" class=\"dsm-skip-lazyload\" srcset=\"https:\/\/chalet-buljes.ch\/wp-content\/uploads\/2024\/11\/restaurant_chalet_buljes-horizontal-15.webp 1535w, https:\/\/chalet-buljes.ch\/wp-content\/uploads\/2024\/11\/restaurant_chalet_buljes-horizontal-15-1280x964.webp 1280w, https:\/\/chalet-buljes.ch\/wp-content\/uploads\/2024\/11\/restaurant_chalet_buljes-horizontal-15-980x738.webp 980w, https:\/\/chalet-buljes.ch\/wp-content\/uploads\/2024\/11\/restaurant_chalet_buljes-horizontal-15-480x361.webp 480w\" sizes=\"(min-width: 0px) and (max-width: 480px) 480px, (min-width: 481px) and (max-width: 980px) 980px, (min-width: 981px) and (max-width: 1280px) 1280px, (min-width: 1281px) 1535px, 100vw\" width=\"1535\" height=\"1156\" \/>\n                        \n                    <\/div>\n                <\/div><div class=\"grid-item\">\n                    <div class=\"et_pb_image_wrap\">\n                        <img loading=\"lazy\" decoding=\"async\" src=\"https:\/\/chalet-buljes.ch\/wp-content\/uploads\/2024\/11\/restaurant_chalet_buljes-horizontal-16.webp\" title=\"restaurant_chalet_buljes-horizontal (16)\" alt=\"\" class=\"dsm-skip-lazyload\" srcset=\"https:\/\/chalet-buljes.ch\/wp-content\/uploads\/2024\/11\/restaurant_chalet_buljes-horizontal-16.webp 1535w, https:\/\/chalet-buljes.ch\/wp-content\/uploads\/2024\/11\/restaurant_chalet_buljes-horizontal-16-1280x964.webp 1280w, https:\/\/chalet-buljes.ch\/wp-content\/uploads\/2024\/11\/restaurant_chalet_buljes-horizontal-16-980x738.webp 980w, https:\/\/chalet-buljes.ch\/wp-content\/uploads\/2024\/11\/restaurant_chalet_buljes-horizontal-16-480x361.webp 480w\" sizes=\"(min-width: 0px) and (max-width: 480px) 480px, (min-width: 481px) and (max-width: 980px) 980px, (min-width: 981px) and (max-width: 1280px) 1280px, (min-width: 1281px) 1535px, 100vw\" width=\"1535\" height=\"1156\" \/>\n                        \n                    <\/div>\n                <\/div><div class=\"grid-item\">\n                    <div class=\"et_pb_image_wrap\">\n                        <img loading=\"lazy\" decoding=\"async\" src=\"https:\/\/chalet-buljes.ch\/wp-content\/uploads\/2024\/11\/restaurant_chalet_buljes-horizontal-18.webp\" title=\"restaurant_chalet_buljes-horizontal (18)\" alt=\"\" class=\"dsm-skip-lazyload\" srcset=\"https:\/\/chalet-buljes.ch\/wp-content\/uploads\/2024\/11\/restaurant_chalet_buljes-horizontal-18.webp 2000w, https:\/\/chalet-buljes.ch\/wp-content\/uploads\/2024\/11\/restaurant_chalet_buljes-horizontal-18-1280x844.webp 1280w, https:\/\/chalet-buljes.ch\/wp-content\/uploads\/2024\/11\/restaurant_chalet_buljes-horizontal-18-980x646.webp 980w, https:\/\/chalet-buljes.ch\/wp-content\/uploads\/2024\/11\/restaurant_chalet_buljes-horizontal-18-480x317.webp 480w\" sizes=\"(min-width: 0px) and (max-width: 480px) 480px, (min-width: 481px) and (max-width: 980px) 980px, (min-width: 981px) and (max-width: 1280px) 1280px, (min-width: 1281px) 2000px, 100vw\" width=\"2000\" height=\"1319\" \/>\n                        \n                    <\/div>\n                <\/div><div class=\"grid-item\">\n                    <div class=\"et_pb_image_wrap\">\n                        <img loading=\"lazy\" decoding=\"async\" src=\"https:\/\/chalet-buljes.ch\/wp-content\/uploads\/2024\/11\/restaurant_chalet_buljes-horizontal-2.webp\" title=\"restaurant_chalet_buljes-horizontal (2)\" alt=\"\" class=\"dsm-skip-lazyload\" srcset=\"https:\/\/chalet-buljes.ch\/wp-content\/uploads\/2024\/11\/restaurant_chalet_buljes-horizontal-2.webp 1280w, https:\/\/chalet-buljes.ch\/wp-content\/uploads\/2024\/11\/restaurant_chalet_buljes-horizontal-2-980x735.webp 980w, https:\/\/chalet-buljes.ch\/wp-content\/uploads\/2024\/11\/restaurant_chalet_buljes-horizontal-2-480x360.webp 480w\" sizes=\"(min-width: 0px) and (max-width: 480px) 480px, (min-width: 481px) and (max-width: 980px) 980px, (min-width: 981px) 1280px, 100vw\" width=\"1280\" height=\"960\" \/>\n                        \n                    <\/div>\n                <\/div><div class=\"grid-item\">\n                    <div class=\"et_pb_image_wrap\">\n                        <img loading=\"lazy\" decoding=\"async\" src=\"https:\/\/chalet-buljes.ch\/wp-content\/uploads\/2024\/11\/restaurant_chalet_buljes-horizontal-3.webp\" title=\"restaurant_chalet_buljes-horizontal (3)\" alt=\"\" class=\"dsm-skip-lazyload\" srcset=\"https:\/\/chalet-buljes.ch\/wp-content\/uploads\/2024\/11\/restaurant_chalet_buljes-horizontal-3.webp 2000w, https:\/\/chalet-buljes.ch\/wp-content\/uploads\/2024\/11\/restaurant_chalet_buljes-horizontal-3-1280x964.webp 1280w, https:\/\/chalet-buljes.ch\/wp-content\/uploads\/2024\/11\/restaurant_chalet_buljes-horizontal-3-980x738.webp 980w, https:\/\/chalet-buljes.ch\/wp-content\/uploads\/2024\/11\/restaurant_chalet_buljes-horizontal-3-480x361.webp 480w\" sizes=\"(min-width: 0px) and (max-width: 480px) 480px, (min-width: 481px) and (max-width: 980px) 980px, (min-width: 981px) and (max-width: 1280px) 1280px, (min-width: 1281px) 2000px, 100vw\" width=\"2000\" height=\"1506\" \/>\n                        \n                    <\/div>\n                <\/div><div class=\"grid-item\">\n                    <div class=\"et_pb_image_wrap\">\n                        <img loading=\"lazy\" decoding=\"async\" src=\"https:\/\/chalet-buljes.ch\/wp-content\/uploads\/2024\/11\/restaurant_chalet_buljes-horizontal-4.webp\" title=\"restaurant_chalet_buljes-horizontal (4)\" alt=\"\" class=\"dsm-skip-lazyload\" srcset=\"https:\/\/chalet-buljes.ch\/wp-content\/uploads\/2024\/11\/restaurant_chalet_buljes-horizontal-4.webp 2000w, https:\/\/chalet-buljes.ch\/wp-content\/uploads\/2024\/11\/restaurant_chalet_buljes-horizontal-4-1280x964.webp 1280w, https:\/\/chalet-buljes.ch\/wp-content\/uploads\/2024\/11\/restaurant_chalet_buljes-horizontal-4-980x738.webp 980w, https:\/\/chalet-buljes.ch\/wp-content\/uploads\/2024\/11\/restaurant_chalet_buljes-horizontal-4-480x361.webp 480w\" sizes=\"(min-width: 0px) and (max-width: 480px) 480px, (min-width: 481px) and (max-width: 980px) 980px, (min-width: 981px) and (max-width: 1280px) 1280px, (min-width: 1281px) 2000px, 100vw\" width=\"2000\" height=\"1506\" \/>\n                        \n                    <\/div>\n                <\/div><div class=\"grid-item\">\n                    <div class=\"et_pb_image_wrap\">\n                        <img loading=\"lazy\" decoding=\"async\" src=\"https:\/\/chalet-buljes.ch\/wp-content\/uploads\/2024\/11\/restaurant_chalet_buljes-horizontal-5.webp\" title=\"restaurant_chalet_buljes-horizontal (5)\" alt=\"\" class=\"dsm-skip-lazyload\" srcset=\"https:\/\/chalet-buljes.ch\/wp-content\/uploads\/2024\/11\/restaurant_chalet_buljes-horizontal-5.webp 2000w, https:\/\/chalet-buljes.ch\/wp-content\/uploads\/2024\/11\/restaurant_chalet_buljes-horizontal-5-1280x964.webp 1280w, https:\/\/chalet-buljes.ch\/wp-content\/uploads\/2024\/11\/restaurant_chalet_buljes-horizontal-5-980x738.webp 980w, https:\/\/chalet-buljes.ch\/wp-content\/uploads\/2024\/11\/restaurant_chalet_buljes-horizontal-5-480x361.webp 480w\" sizes=\"(min-width: 0px) and (max-width: 480px) 480px, (min-width: 481px) and (max-width: 980px) 980px, (min-width: 981px) and (max-width: 1280px) 1280px, (min-width: 1281px) 2000px, 100vw\" width=\"2000\" height=\"1506\" \/>\n                        \n                    <\/div>\n                <\/div><div class=\"grid-item\">\n                    <div class=\"et_pb_image_wrap\">\n                        <img loading=\"lazy\" decoding=\"async\" src=\"https:\/\/chalet-buljes.ch\/wp-content\/uploads\/2024\/11\/restaurant_chalet_buljes-horizontal-6.webp\" title=\"restaurant_chalet_buljes-horizontal (6)\" alt=\"\" class=\"dsm-skip-lazyload\" srcset=\"https:\/\/chalet-buljes.ch\/wp-content\/uploads\/2024\/11\/restaurant_chalet_buljes-horizontal-6.webp 2000w, https:\/\/chalet-buljes.ch\/wp-content\/uploads\/2024\/11\/restaurant_chalet_buljes-horizontal-6-1280x964.webp 1280w, https:\/\/chalet-buljes.ch\/wp-content\/uploads\/2024\/11\/restaurant_chalet_buljes-horizontal-6-980x738.webp 980w, https:\/\/chalet-buljes.ch\/wp-content\/uploads\/2024\/11\/restaurant_chalet_buljes-horizontal-6-480x361.webp 480w\" sizes=\"(min-width: 0px) and (max-width: 480px) 480px, (min-width: 481px) and (max-width: 980px) 980px, (min-width: 981px) and (max-width: 1280px) 1280px, (min-width: 1281px) 2000px, 100vw\" width=\"2000\" height=\"1506\" \/>\n                        \n                    <\/div>\n                <\/div><div class=\"grid-item\">\n                    <div class=\"et_pb_image_wrap\">\n                        <img loading=\"lazy\" decoding=\"async\" src=\"https:\/\/chalet-buljes.ch\/wp-content\/uploads\/2024\/11\/restaurant_chalet_buljes-horizontal-7.webp\" title=\"restaurant_chalet_buljes-horizontal (7)\" alt=\"\" class=\"dsm-skip-lazyload\" srcset=\"https:\/\/chalet-buljes.ch\/wp-content\/uploads\/2024\/11\/restaurant_chalet_buljes-horizontal-7.webp 2000w, https:\/\/chalet-buljes.ch\/wp-content\/uploads\/2024\/11\/restaurant_chalet_buljes-horizontal-7-1280x964.webp 1280w, https:\/\/chalet-buljes.ch\/wp-content\/uploads\/2024\/11\/restaurant_chalet_buljes-horizontal-7-980x738.webp 980w, https:\/\/chalet-buljes.ch\/wp-content\/uploads\/2024\/11\/restaurant_chalet_buljes-horizontal-7-480x361.webp 480w\" sizes=\"(min-width: 0px) and (max-width: 480px) 480px, (min-width: 481px) and (max-width: 980px) 980px, (min-width: 981px) and (max-width: 1280px) 1280px, (min-width: 1281px) 2000px, 100vw\" width=\"2000\" height=\"1506\" \/>\n                        \n                    <\/div>\n                <\/div><div class=\"grid-item\">\n                    <div class=\"et_pb_image_wrap\">\n                        <img loading=\"lazy\" decoding=\"async\" src=\"https:\/\/chalet-buljes.ch\/wp-content\/uploads\/2024\/11\/restaurant_chalet_buljes-horizontal-8.webp\" title=\"restaurant_chalet_buljes-horizontal (8)\" alt=\"\" class=\"dsm-skip-lazyload\" srcset=\"https:\/\/chalet-buljes.ch\/wp-content\/uploads\/2024\/11\/restaurant_chalet_buljes-horizontal-8.webp 2000w, https:\/\/chalet-buljes.ch\/wp-content\/uploads\/2024\/11\/restaurant_chalet_buljes-horizontal-8-1280x874.webp 1280w, https:\/\/chalet-buljes.ch\/wp-content\/uploads\/2024\/11\/restaurant_chalet_buljes-horizontal-8-980x669.webp 980w, https:\/\/chalet-buljes.ch\/wp-content\/uploads\/2024\/11\/restaurant_chalet_buljes-horizontal-8-480x328.webp 480w\" sizes=\"(min-width: 0px) and (max-width: 480px) 480px, (min-width: 481px) and (max-width: 980px) 980px, (min-width: 981px) and (max-width: 1280px) 1280px, (min-width: 1281px) 2000px, 100vw\" width=\"2000\" height=\"1366\" \/>\n                        \n                    <\/div>\n                <\/div><div class=\"grid-item\">\n                    <div class=\"et_pb_image_wrap\">\n                        <img loading=\"lazy\" decoding=\"async\" src=\"https:\/\/chalet-buljes.ch\/wp-content\/uploads\/2024\/11\/restaurant_chalet_buljes-horizontal-9.webp\" title=\"restaurant_chalet_buljes-horizontal (9)\" alt=\"\" class=\"dsm-skip-lazyload\" srcset=\"https:\/\/chalet-buljes.ch\/wp-content\/uploads\/2024\/11\/restaurant_chalet_buljes-horizontal-9.webp 2000w, https:\/\/chalet-buljes.ch\/wp-content\/uploads\/2024\/11\/restaurant_chalet_buljes-horizontal-9-1280x964.webp 1280w, https:\/\/chalet-buljes.ch\/wp-content\/uploads\/2024\/11\/restaurant_chalet_buljes-horizontal-9-980x738.webp 980w, https:\/\/chalet-buljes.ch\/wp-content\/uploads\/2024\/11\/restaurant_chalet_buljes-horizontal-9-480x361.webp 480w\" sizes=\"(min-width: 0px) and (max-width: 480px) 480px, (min-width: 481px) and (max-width: 980px) 980px, (min-width: 981px) and (max-width: 1280px) 1280px, (min-width: 1281px) 2000px, 100vw\" width=\"2000\" height=\"1506\" \/>\n                        \n                    <\/div>\n                <\/div><div class=\"grid-item\">\n                    <div class=\"et_pb_image_wrap\">\n                        <img loading=\"lazy\" decoding=\"async\" src=\"https:\/\/chalet-buljes.ch\/wp-content\/uploads\/2024\/11\/restaurant_chalet_buljes-vertikal-1.webp\" title=\"restaurant_chalet_buljes-vertikal (1)\" alt=\"\" class=\"dsm-skip-lazyload\" srcset=\"https:\/\/chalet-buljes.ch\/wp-content\/uploads\/2024\/11\/restaurant_chalet_buljes-vertikal-1.webp 1506w, https:\/\/chalet-buljes.ch\/wp-content\/uploads\/2024\/11\/restaurant_chalet_buljes-vertikal-1-1280x1700.webp 1280w, https:\/\/chalet-buljes.ch\/wp-content\/uploads\/2024\/11\/restaurant_chalet_buljes-vertikal-1-980x1301.webp 980w, https:\/\/chalet-buljes.ch\/wp-content\/uploads\/2024\/11\/restaurant_chalet_buljes-vertikal-1-480x637.webp 480w\" sizes=\"(min-width: 0px) and (max-width: 480px) 480px, (min-width: 481px) and (max-width: 980px) 980px, (min-width: 981px) and (max-width: 1280px) 1280px, (min-width: 1281px) 1506px, 100vw\" width=\"1506\" height=\"2000\" \/>\n                        \n                    <\/div>\n                <\/div><div class=\"grid-item\">\n                    <div class=\"et_pb_image_wrap\">\n                        <img loading=\"lazy\" decoding=\"async\" src=\"https:\/\/chalet-buljes.ch\/wp-content\/uploads\/2024\/11\/restaurant_chalet_buljes-vertikal-2.webp\" title=\"restaurant_chalet_buljes-vertikal (2)\" alt=\"\" class=\"dsm-skip-lazyload\" srcset=\"https:\/\/chalet-buljes.ch\/wp-content\/uploads\/2024\/11\/restaurant_chalet_buljes-vertikal-2.webp 1181w, https:\/\/chalet-buljes.ch\/wp-content\/uploads\/2024\/11\/restaurant_chalet_buljes-vertikal-2-980x1302.webp 980w, https:\/\/chalet-buljes.ch\/wp-content\/uploads\/2024\/11\/restaurant_chalet_buljes-vertikal-2-480x638.webp 480w\" sizes=\"(min-width: 0px) and (max-width: 480px) 480px, (min-width: 481px) and (max-width: 980px) 980px, (min-width: 981px) 1181px, 100vw\" width=\"1181\" height=\"1569\" \/>\n                        \n                    <\/div>\n                <\/div>\n             <\/div>\n\t\t\t\t<\/div>\n\t\t\t<\/div><\/p>\n","protected":false},"author":1,"featured_media":0,"parent":0,"menu_order":0,"comment_status":"closed","ping_status":"closed","template":"","meta":{"_et_pb_use_builder":"on","_et_pb_old_content":"","_et_gb_content_width":"","footnotes":""},"class_list":["post-215","page","type-page","status-publish","hentry"],"_links":{"self":[{"href":"https:\/\/chalet-buljes.ch\/fr\/wp-json\/wp\/v2\/pages\/215","targetHints":{"allow":["GET"]}}],"collection":[{"href":"https:\/\/chalet-buljes.ch\/fr\/wp-json\/wp\/v2\/pages"}],"about":[{"href":"https:\/\/chalet-buljes.ch\/fr\/wp-json\/wp\/v2\/types\/page"}],"author":[{"embeddable":true,"href":"https:\/\/chalet-buljes.ch\/fr\/wp-json\/wp\/v2\/users\/1"}],"replies":[{"embeddable":true,"href":"https:\/\/chalet-buljes.ch\/fr\/wp-json\/wp\/v2\/comments?post=215"}],"version-history":[{"count":7,"href":"https:\/\/chalet-buljes.ch\/fr\/wp-json\/wp\/v2\/pages\/215\/revisions"}],"predecessor-version":[{"id":22586,"href":"https:\/\/chalet-buljes.ch\/fr\/wp-json\/wp\/v2\/pages\/215\/revisions\/22586"}],"wp:attachment":[{"href":"https:\/\/chalet-buljes.ch\/fr\/wp-json\/wp\/v2\/media?parent=215"}],"curies":[{"name":"wp","href":"https:\/\/api.w.org\/{rel}","templated":true}]}}